{"id":237523,"date":"2022-05-12T18:25:49","date_gmt":"2022-05-12T16:25:49","guid":{"rendered":"https:\/\/www.minassoide.eu\/ferme-urivetta\/"},"modified":"2022-06-29T12:19:01","modified_gmt":"2022-06-29T10:19:01","slug":"ferme-urivetta","status":"publish","type":"page","link":"https:\/\/www.minassoide.eu\/fr\/ferme-urivetta\/","title":{"rendered":"Ferme Urivetta"},"content":{"rendered":"\n\n[et_pb_section fb_built=\u00a0\u00bb1&Prime; _builder_version=\u00a0\u00bb4.17.3&Prime; _module_preset=\u00a0\u00bbdefault\u00a0\u00bb background_image=\u00a0\u00bbhttps:\/\/www.minassoide.eu\/wp-content\/uploads\/2022\/05\/olive-fruits-branchfruits-grown-olive-tree-1.jpg\u00a0\u00bb parallax=\u00a0\u00bbon\u00a0\u00bb parallax_method=\u00a0\u00bboff\u00a0\u00bb custom_padding=\u00a0\u00bb10vw||||false|false\u00a0\u00bb da_disable_devices=\u00a0\u00bboff|off|off\u00a0\u00bb global_colors_info=\u00a0\u00bb{}\u00a0\u00bb da_is_popup=\u00a0\u00bboff\u00a0\u00bb da_exit_intent=\u00a0\u00bboff\u00a0\u00bb da_has_close=\u00a0\u00bbon\u00a0\u00bb da_alt_close=\u00a0\u00bboff\u00a0\u00bb da_dark_close=\u00a0\u00bboff\u00a0\u00bb da_not_modal=\u00a0\u00bbon\u00a0\u00bb da_is_singular=\u00a0\u00bboff\u00a0\u00bb da_with_loader=\u00a0\u00bboff\u00a0\u00bb da_has_shadow=\u00a0\u00bbon\u00a0\u00bb][et_pb_row _builder_version=\u00a0\u00bb4.17.3&Prime; _module_preset=\u00a0\u00bbdefault\u00a0\u00bb global_colors_info=\u00a0\u00bb{}\u00a0\u00bb][et_pb_column type=\u00a0\u00bb4_4&Prime; _builder_version=\u00a0\u00bb4.17.3&Prime; _module_preset=\u00a0\u00bbdefault\u00a0\u00bb global_colors_info=\u00a0\u00bb{}\u00a0\u00bb][et_pb_text _builder_version=\u00a0\u00bb4.17.4&Prime; _module_preset=\u00a0\u00bbdefault\u00a0\u00bb header_2_text_color=\u00a0\u00bb#FFFFFF\u00a0\u00bb header_2_font_size=\u00a0\u00bb50px\u00a0\u00bb text_orientation=\u00a0\u00bbcenter\u00a0\u00bb animation_style=\u00a0\u00bbslide\u00a0\u00bb hover_enabled=\u00a0\u00bb0&Prime; header_2_text_shadow_style=\u00a0\u00bbpreset1&Prime; global_colors_info=\u00a0\u00bb{}\u00a0\u00bb sticky_enabled=\u00a0\u00bb0&Prime;]<h2>Ferme<\/h2>[\/et_pb_text][\/et_pb_column][\/et_pb_row][\/et_pb_section][et_pb_section fb_built=\u00a0\u00bb1&Prime; _builder_version=\u00a0\u00bb4.17.3&Prime; _module_preset=\u00a0\u00bbdefault\u00a0\u00bb background_image=\u00a0\u00bbhttps:\/\/www.minassoide.eu\/wp-content\/uploads\/2022\/01\/Olive.png\u00a0\u00bb background_size=\u00a0\u00bbcustom\u00a0\u00bb background_position=\u00a0\u00bbcenter_left\u00a0\u00bb custom_padding=\u00a0\u00bb5vw||2vw||false|false\u00a0\u00bb da_disable_devices=\u00a0\u00bboff|off|off\u00a0\u00bb global_colors_info=\u00a0\u00bb{}\u00a0\u00bb da_is_popup=\u00a0\u00bboff\u00a0\u00bb da_exit_intent=\u00a0\u00bboff\u00a0\u00bb da_has_close=\u00a0\u00bbon\u00a0\u00bb da_alt_close=\u00a0\u00bboff\u00a0\u00bb da_dark_close=\u00a0\u00bboff\u00a0\u00bb da_not_modal=\u00a0\u00bbon\u00a0\u00bb da_is_singular=\u00a0\u00bboff\u00a0\u00bb da_with_loader=\u00a0\u00bboff\u00a0\u00bb da_has_shadow=\u00a0\u00bbon\u00a0\u00bb][et_pb_row _builder_version=\u00a0\u00bb4.17.3&Prime; _module_preset=\u00a0\u00bbdefault\u00a0\u00bb global_colors_info=\u00a0\u00bb{}\u00a0\u00bb][et_pb_column type=\u00a0\u00bb4_4&Prime; _builder_version=\u00a0\u00bb4.17.3&Prime; _module_preset=\u00a0\u00bbdefault\u00a0\u00bb global_colors_info=\u00a0\u00bb{}\u00a0\u00bb][et_pb_image src=\u00a0\u00bbhttps:\/\/www.minassoide.eu\/wp-content\/uploads\/2022\/05\/Urivetta.png\u00a0\u00bb title_text=\u00a0\u00bbUrivetta\u00a0\u00bb align=\u00a0\u00bbcenter\u00a0\u00bb _builder_version=\u00a0\u00bb4.17.3&Prime; _module_preset=\u00a0\u00bbdefault\u00a0\u00bb width=\u00a0\u00bb100%\u00a0\u00bb global_colors_info=\u00a0\u00bb{}\u00a0\u00bb][\/et_pb_image][\/et_pb_column][\/et_pb_row][et_pb_row column_structure=\u00a0\u00bb1_2,1_2&Prime; _builder_version=\u00a0\u00bb4.17.3&Prime; _module_preset=\u00a0\u00bbdefault\u00a0\u00bb global_colors_info=\u00a0\u00bb{}\u00a0\u00bb][et_pb_column type=\u00a0\u00bb1_2&Prime; _builder_version=\u00a0\u00bb4.17.3&Prime; _module_preset=\u00a0\u00bbdefault\u00a0\u00bb global_colors_info=\u00a0\u00bb{}\u00a0\u00bb][et_pb_text _builder_version=\u00a0\u00bb4.17.3&Prime; _module_preset=\u00a0\u00bbdefault\u00a0\u00bb custom_margin=\u00a0\u00bb3vw||||false|false\u00a0\u00bb animation_style=\u00a0\u00bbslide\u00a0\u00bb animation_direction=\u00a0\u00bbleft\u00a0\u00bb global_colors_info=\u00a0\u00bb{}\u00a0\u00bb]<p class=\"paragraph_style_2\">Nos oliviers s\u2019entendent sur une grande surface et \u00e0 diff\u00e9rentes altitude par rapport au niveau de la mer, \u00e0 partir de 100m jusqu\u2019\u00e0 350\/400, ce la nous permet de modifier la p\u00e9riode de collecte des olives et m\u00eame la garantie de une parfaite maturation. On r\u00e9ussi de cette fa\u00e7on \u00e0 garantir l\u2019authenticit\u00e9 des produits, en utilisant d\u2019autre fa\u00e7on des syst\u00e8mes de production professionnels qui ont tr\u00e8s hautes capacit\u00e9 de production, sans jamais oublier le contr\u00f4le de la qualit\u00e9.<\/p>\n<p class=\"paragraph_style_2\">Avec la naissance de l\u2019entreprise agricole <span class=\"style_3\">Urivetta<\/span>, on peut donc g\u00e9rer directement la production des olives Taggiasca et surtout garantir une disponibilit\u00e9 constante de olives fraiches au b\u00e9n\u00e9fice de la qualit\u00e9 et surtout du client final.<\/p>[\/et_pb_text][\/et_pb_column][et_pb_column type=\u00a0\u00bb1_2&Prime; _builder_version=\u00a0\u00bb4.17.3&Prime; _module_preset=\u00a0\u00bbdefault\u00a0\u00bb global_colors_info=\u00a0\u00bb{}\u00a0\u00bb][et_pb_image src=\u00a0\u00bbhttps:\/\/www.minassoide.eu\/wp-content\/uploads\/2022\/05\/beautiful-harvest-time-landscape-olive-trees-plantation-mediterranean-region-vegetable-oil-produce-industry-seasonal-nature.jpg\u00a0\u00bb title_text=\u00a0\u00bbharvest time landscape of Olive trees plantation\u00a0\u00bb _builder_version=\u00a0\u00bb4.17.3&Prime; _module_preset=\u00a0\u00bbdefault\u00a0\u00bb global_colors_info=\u00a0\u00bb{}\u00a0\u00bb][\/et_pb_image][\/et_pb_column][\/et_pb_row][\/et_pb_section]\n\n","protected":false},"excerpt":{"rendered":"<p>FermeNos oliviers s\u2019entendent sur une grande surface et \u00e0 diff\u00e9rentes altitude par rapport au niveau de la mer, \u00e0 partir de 100m jusqu\u2019\u00e0 350\/400, ce la nous permet de modifier la p\u00e9riode de collecte des olives et m\u00eame la garantie de une parfaite maturation. On r\u00e9ussi de cette fa\u00e7on \u00e0 garantir l\u2019authenticit\u00e9 des produits, en [&hellip;]<\/p>\n","protected":false},"author":1,"featured_media":237324,"parent":0,"menu_order":0,"comment_status":"closed","ping_status":"closed","template":"","meta":{"_et_pb_use_builder":"on","_et_pb_old_content":"","_et_gb_content_width":"","footnotes":""},"class_list":["post-237523","page","type-page","status-publish","has-post-thumbnail","hentry"],"yoast_head":"<!-- This site is optimized with the Yoast SEO plugin v26.5 - https:\/\/yoast.com\/wordpress\/plugins\/seo\/ -->\n<title>Ferme Urivetta - Minasso<\/title>\n<meta name=\"robots\" content=\"index, follow, max-snippet:-1, max-image-preview:large, max-video-preview:-1\" \/>\n<link rel=\"canonical\" href=\"https:\/\/www.minassoide.eu\/fr\/ferme-urivetta\/\" \/>\n<meta property=\"og:locale\" content=\"fr_FR\" \/>\n<meta property=\"og:type\" content=\"article\" \/>\n<meta property=\"og:title\" content=\"Ferme Urivetta - Minasso\" \/>\n<meta property=\"og:description\" content=\"FermeNos oliviers s\u2019entendent sur une grande surface et \u00e0 diff\u00e9rentes altitude par rapport au niveau de la mer, \u00e0 partir de 100m jusqu\u2019\u00e0 350\/400, ce la nous permet de modifier la p\u00e9riode de collecte des olives et m\u00eame la garantie de une parfaite maturation. On r\u00e9ussi de cette fa\u00e7on \u00e0 garantir l\u2019authenticit\u00e9 des produits, en [&hellip;]\" \/>\n<meta property=\"og:url\" content=\"https:\/\/www.minassoide.eu\/fr\/ferme-urivetta\/\" \/>\n<meta property=\"og:site_name\" content=\"Minasso\" \/>\n<meta property=\"article:modified_time\" content=\"2022-06-29T10:19:01+00:00\" \/>\n<meta property=\"og:image\" content=\"https:\/\/www.minassoide.eu\/wp-content\/uploads\/2022\/05\/minasso600_04.jpg\" \/>\n\t<meta property=\"og:image:width\" content=\"600\" \/>\n\t<meta property=\"og:image:height\" content=\"600\" \/>\n\t<meta property=\"og:image:type\" content=\"image\/jpeg\" \/>\n<meta name=\"twitter:card\" content=\"summary_large_image\" \/>\n<meta name=\"twitter:label1\" content=\"Dur\u00e9e de lecture estim\u00e9e\" \/>\n\t<meta name=\"twitter:data1\" content=\"3 minutes\" \/>\n<script type=\"application\/ld+json\" class=\"yoast-schema-graph\">{\"@context\":\"https:\/\/schema.org\",\"@graph\":[{\"@type\":\"WebPage\",\"@id\":\"https:\/\/www.minassoide.eu\/fr\/ferme-urivetta\/\",\"url\":\"https:\/\/www.minassoide.eu\/fr\/ferme-urivetta\/\",\"name\":\"Ferme Urivetta - Minasso\",\"isPartOf\":{\"@id\":\"https:\/\/www.minassoide.eu\/en\/#website\"},\"primaryImageOfPage\":{\"@id\":\"https:\/\/www.minassoide.eu\/fr\/ferme-urivetta\/#primaryimage\"},\"image\":{\"@id\":\"https:\/\/www.minassoide.eu\/fr\/ferme-urivetta\/#primaryimage\"},\"thumbnailUrl\":\"https:\/\/www.minassoide.eu\/wp-content\/uploads\/2022\/05\/minasso600_04.jpg\",\"datePublished\":\"2022-05-12T16:25:49+00:00\",\"dateModified\":\"2022-06-29T10:19:01+00:00\",\"breadcrumb\":{\"@id\":\"https:\/\/www.minassoide.eu\/fr\/ferme-urivetta\/#breadcrumb\"},\"inLanguage\":\"fr-FR\",\"potentialAction\":[{\"@type\":\"ReadAction\",\"target\":[\"https:\/\/www.minassoide.eu\/fr\/ferme-urivetta\/\"]}]},{\"@type\":\"ImageObject\",\"inLanguage\":\"fr-FR\",\"@id\":\"https:\/\/www.minassoide.eu\/fr\/ferme-urivetta\/#primaryimage\",\"url\":\"https:\/\/www.minassoide.eu\/wp-content\/uploads\/2022\/05\/minasso600_04.jpg\",\"contentUrl\":\"https:\/\/www.minassoide.eu\/wp-content\/uploads\/2022\/05\/minasso600_04.jpg\",\"width\":600,\"height\":600},{\"@type\":\"BreadcrumbList\",\"@id\":\"https:\/\/www.minassoide.eu\/fr\/ferme-urivetta\/#breadcrumb\",\"itemListElement\":[{\"@type\":\"ListItem\",\"position\":1,\"name\":\"Home\",\"item\":\"https:\/\/www.minassoide.eu\/fr\/\"},{\"@type\":\"ListItem\",\"position\":2,\"name\":\"Ferme Urivetta\"}]},{\"@type\":\"WebSite\",\"@id\":\"https:\/\/www.minassoide.eu\/en\/#website\",\"url\":\"https:\/\/www.minassoide.eu\/en\/\",\"name\":\"Minasso\",\"description\":\"I sapori della Liguria nel mondo\",\"publisher\":{\"@id\":\"https:\/\/www.minassoide.eu\/en\/#organization\"},\"potentialAction\":[{\"@type\":\"SearchAction\",\"target\":{\"@type\":\"EntryPoint\",\"urlTemplate\":\"https:\/\/www.minassoide.eu\/en\/?s={search_term_string}\"},\"query-input\":{\"@type\":\"PropertyValueSpecification\",\"valueRequired\":true,\"valueName\":\"search_term_string\"}}],\"inLanguage\":\"fr-FR\"},{\"@type\":\"Organization\",\"@id\":\"https:\/\/www.minassoide.eu\/en\/#organization\",\"name\":\"Minasso\",\"url\":\"https:\/\/www.minassoide.eu\/en\/\",\"logo\":{\"@type\":\"ImageObject\",\"inLanguage\":\"fr-FR\",\"@id\":\"https:\/\/www.minassoide.eu\/en\/#\/schema\/logo\/image\/\",\"url\":\"https:\/\/www.minassoide.eu\/wp-content\/uploads\/2022\/06\/Favicon.png\",\"contentUrl\":\"https:\/\/www.minassoide.eu\/wp-content\/uploads\/2022\/06\/Favicon.png\",\"width\":569,\"height\":569,\"caption\":\"Minasso\"},\"image\":{\"@id\":\"https:\/\/www.minassoide.eu\/en\/#\/schema\/logo\/image\/\"}}]}<\/script>\n<!-- \/ Yoast SEO plugin. -->","yoast_head_json":{"title":"Ferme Urivetta - Minasso","robots":{"index":"index","follow":"follow","max-snippet":"max-snippet:-1","max-image-preview":"max-image-preview:large","max-video-preview":"max-video-preview:-1"},"canonical":"https:\/\/www.minassoide.eu\/fr\/ferme-urivetta\/","og_locale":"fr_FR","og_type":"article","og_title":"Ferme Urivetta - Minasso","og_description":"FermeNos oliviers s\u2019entendent sur une grande surface et \u00e0 diff\u00e9rentes altitude par rapport au niveau de la mer, \u00e0 partir de 100m jusqu\u2019\u00e0 350\/400, ce la nous permet de modifier la p\u00e9riode de collecte des olives et m\u00eame la garantie de une parfaite maturation. On r\u00e9ussi de cette fa\u00e7on \u00e0 garantir l\u2019authenticit\u00e9 des produits, en [&hellip;]","og_url":"https:\/\/www.minassoide.eu\/fr\/ferme-urivetta\/","og_site_name":"Minasso","article_modified_time":"2022-06-29T10:19:01+00:00","og_image":[{"width":600,"height":600,"url":"https:\/\/www.minassoide.eu\/wp-content\/uploads\/2022\/05\/minasso600_04.jpg","type":"image\/jpeg"}],"twitter_card":"summary_large_image","twitter_misc":{"Dur\u00e9e de lecture estim\u00e9e":"3 minutes"},"schema":{"@context":"https:\/\/schema.org","@graph":[{"@type":"WebPage","@id":"https:\/\/www.minassoide.eu\/fr\/ferme-urivetta\/","url":"https:\/\/www.minassoide.eu\/fr\/ferme-urivetta\/","name":"Ferme Urivetta - Minasso","isPartOf":{"@id":"https:\/\/www.minassoide.eu\/en\/#website"},"primaryImageOfPage":{"@id":"https:\/\/www.minassoide.eu\/fr\/ferme-urivetta\/#primaryimage"},"image":{"@id":"https:\/\/www.minassoide.eu\/fr\/ferme-urivetta\/#primaryimage"},"thumbnailUrl":"https:\/\/www.minassoide.eu\/wp-content\/uploads\/2022\/05\/minasso600_04.jpg","datePublished":"2022-05-12T16:25:49+00:00","dateModified":"2022-06-29T10:19:01+00:00","breadcrumb":{"@id":"https:\/\/www.minassoide.eu\/fr\/ferme-urivetta\/#breadcrumb"},"inLanguage":"fr-FR","potentialAction":[{"@type":"ReadAction","target":["https:\/\/www.minassoide.eu\/fr\/ferme-urivetta\/"]}]},{"@type":"ImageObject","inLanguage":"fr-FR","@id":"https:\/\/www.minassoide.eu\/fr\/ferme-urivetta\/#primaryimage","url":"https:\/\/www.minassoide.eu\/wp-content\/uploads\/2022\/05\/minasso600_04.jpg","contentUrl":"https:\/\/www.minassoide.eu\/wp-content\/uploads\/2022\/05\/minasso600_04.jpg","width":600,"height":600},{"@type":"BreadcrumbList","@id":"https:\/\/www.minassoide.eu\/fr\/ferme-urivetta\/#breadcrumb","itemListElement":[{"@type":"ListItem","position":1,"name":"Home","item":"https:\/\/www.minassoide.eu\/fr\/"},{"@type":"ListItem","position":2,"name":"Ferme Urivetta"}]},{"@type":"WebSite","@id":"https:\/\/www.minassoide.eu\/en\/#website","url":"https:\/\/www.minassoide.eu\/en\/","name":"Minasso","description":"I sapori della Liguria nel mondo","publisher":{"@id":"https:\/\/www.minassoide.eu\/en\/#organization"},"potentialAction":[{"@type":"SearchAction","target":{"@type":"EntryPoint","urlTemplate":"https:\/\/www.minassoide.eu\/en\/?s={search_term_string}"},"query-input":{"@type":"PropertyValueSpecification","valueRequired":true,"valueName":"search_term_string"}}],"inLanguage":"fr-FR"},{"@type":"Organization","@id":"https:\/\/www.minassoide.eu\/en\/#organization","name":"Minasso","url":"https:\/\/www.minassoide.eu\/en\/","logo":{"@type":"ImageObject","inLanguage":"fr-FR","@id":"https:\/\/www.minassoide.eu\/en\/#\/schema\/logo\/image\/","url":"https:\/\/www.minassoide.eu\/wp-content\/uploads\/2022\/06\/Favicon.png","contentUrl":"https:\/\/www.minassoide.eu\/wp-content\/uploads\/2022\/06\/Favicon.png","width":569,"height":569,"caption":"Minasso"},"image":{"@id":"https:\/\/www.minassoide.eu\/en\/#\/schema\/logo\/image\/"}}]}},"_links":{"self":[{"href":"https:\/\/www.minassoide.eu\/fr\/wp-json\/wp\/v2\/pages\/237523","targetHints":{"allow":["GET"]}}],"collection":[{"href":"https:\/\/www.minassoide.eu\/fr\/wp-json\/wp\/v2\/pages"}],"about":[{"href":"https:\/\/www.minassoide.eu\/fr\/wp-json\/wp\/v2\/types\/page"}],"author":[{"embeddable":true,"href":"https:\/\/www.minassoide.eu\/fr\/wp-json\/wp\/v2\/users\/1"}],"replies":[{"embeddable":true,"href":"https:\/\/www.minassoide.eu\/fr\/wp-json\/wp\/v2\/comments?post=237523"}],"version-history":[{"count":0,"href":"https:\/\/www.minassoide.eu\/fr\/wp-json\/wp\/v2\/pages\/237523\/revisions"}],"wp:featuredmedia":[{"embeddable":true,"href":"https:\/\/www.minassoide.eu\/fr\/wp-json\/wp\/v2\/media\/237324"}],"wp:attachment":[{"href":"https:\/\/www.minassoide.eu\/fr\/wp-json\/wp\/v2\/media?parent=237523"}],"curies":[{"name":"wp","href":"https:\/\/api.w.org\/{rel}","templated":true}]}}